{"id":2312,"date":"2025-03-07T13:58:57","date_gmt":"2025-03-07T11:58:57","guid":{"rendered":"https:\/\/www.sirin.eu\/environmental-policy\/"},"modified":"2026-03-31T11:17:04","modified_gmt":"2026-03-31T08:17:04","slug":"vides-politika","status":"publish","type":"page","link":"https:\/\/www.sirin.eu\/lv\/vides-politika\/","title":{"rendered":"VIDES POLITIKA"},"content":{"rendered":"\n<h3 class=\"wp-block-heading\">1. <strong>POLITIKAS M\u0112R\u0136IS UN PIEM\u0112RO\u0160ANAS JOMA<\/strong><\/h3>\n\n\n\n<p>1.1. Vides politika (turpm\u0101k tekst\u0101 \u2013 <strong>Politika<\/strong>) nosaka principus, kas j\u0101iev\u0113ro UAB ME HOLDING NT (turpm\u0101k tekst\u0101 \u2013 <strong>Uz\u0146\u0113mums<\/strong>) Grupas uz\u0146\u0113mumiem, lai saudz\u0113tu vidi un saglab\u0101tu t\u0101s resursus, k\u0101 ar\u012b lai l\u012bdz minimumam samazin\u0101tu Grupas uz\u0146\u0113mumu ietekmi uz klimata p\u0101rmai\u0146\u0101m.<\/p>\n\n\n\n<p>1.2. Politikas m\u0113r\u0137is ir defin\u0113t Grupas uz\u0146\u0113mumu visp\u0101r\u0113jos vides aizsardz\u012bbas noteikumus un principus, saska\u0146\u0101 ar kuriem tiek saudz\u0113ta vide un samazin\u0101ta ietekme uz klimata p\u0101rmai\u0146\u0101m. Iev\u0113rojot Politiku, Grupas uz\u0146\u0113mumi tiecas iev\u0113rot to darb\u012bbai saisto\u0161o ties\u012bbu aktu pras\u012bbas un kalpot par piem\u0113ru citiem Grupas uz\u0146\u0113mumiem Ilgtsp\u0113j\u012bbas jom\u0101 un labas prakses ievie\u0161an\u0101.<\/p>\n\n\n\n<p>1.3. T\u0101l\u0101k min\u0113tajiem terminiem \u0161aj\u0101 Politik\u0101 ir \u0161\u0101da noz\u012bme:<\/p>\n\n\n\n<p>1.3.1. <strong>BREEAM (\u0112ku izp\u0113tes iest\u0101des ietekmes uz vidi nov\u0113rt\u0113juma metode)<\/strong> ir starptautisks standarts \u0113ku ilgtsp\u0113j\u012bbas noteik\u0161anai, izv\u0113rt\u0113\u0161anai un p\u0101rbaud\u012b\u0161anai.<\/p>\n\n\n\n<p>1.3.2. <strong>Grupas uz\u0146\u0113mums<\/strong> ir strukt\u016brvien\u012bba, ko tie\u0161i un\/vai netie\u0161i kontrol\u0113 Uz\u0146\u0113mums, neatkar\u012bgi no strukt\u016brvien\u012bbas darb\u012bbas veida vai jurisdikcijas, ieskaitot pa\u0161u Uz\u0146\u0113mumu.<\/p>\n\n\n\n<p>1.3.3. <strong>ISO 14001<\/strong> ir vides p\u0101rvald\u012bbas sist\u0113mas standarts, kas nosaka pras\u012bbas organiz\u0101cijas efektivit\u0101tes uzlabo\u0161anai, samazinot izmaksas un vienlaikus samazinot ietekmi uz vidi.<\/p>\n\n\n\n<p>1.3.4. <strong>SEG<\/strong> ir siltumn\u012bcefekta g\u0101zes.<\/p>\n\n\n\n<p>1.3.5. <strong>Ilgtsp\u0113j\u012bba (ilgtsp\u0113j\u012bga att\u012bst\u012bba)<\/strong> Grupas uz\u0146\u0113mumos j\u0101saprot k\u0101 Grupas uz\u0146\u0113mumu daudzpus\u012bga ap\u0146em\u0161an\u0101s sasniegt ilgtsp\u0113j\u012bgu <strong>l\u012bdzsvaru<\/strong> starp ekonomisko un soci\u0101lo att\u012bst\u012bbu un vides vajadz\u012bb\u0101m. Grupas uz\u0146\u0113mumi ir vienispr\u0101tis, ka ekonomisk\u0101 att\u012bst\u012bba, soci\u0101l\u0101 att\u012bst\u012bba un vides aizsardz\u012bba ir savstarp\u0113ji saist\u012btas un viena otru papildino\u0161as ilgtsp\u0113j\u012bgas att\u012bst\u012bbas sast\u0101vda\u013cas.<\/p>\n\n\n\n<p>1.4. Citiem Politik\u0101 lietotajiem terminiem ir t\u0101da pati noz\u012bme, k\u0101da tiem ir noteikta vides aizsardz\u012bbas ties\u012bbu aktos.<\/p>\n\n\n\n<h3 class=\"wp-block-heading\">2. <strong>PRIORIT\u0100R\u0100 POLITIKA UN PRINCIPI<\/strong><\/h3>\n\n\n\n<p>2.1. Lai veicin\u0101tu klimata p\u0101rmai\u0146u mazin\u0101\u0161anu, Grupas uz\u0146\u0113mumi ar \u0161o nosaka vides priorit\u0101tes:<\/p>\n\n\n\n<p>2.1.1. Grupas uz\u0146\u0113mumu p\u0101rvald\u012bto objektu ener\u0123ijas pat\u0113ri\u0146a uzraudz\u012bba un atjaunojamo energoresursu izmanto\u0161anas palielin\u0101\u0161ana Grupas uz\u0146\u0113mumu darb\u012bb\u0101 ar m\u0113r\u0137i uzlabot energoefektivit\u0101ti un aizsarg\u0101t vidi;<\/p>\n\n\n\n<p>2.1.2. SEG emisiju samazin\u0101\u0161ana Grupas uz\u0146\u0113mumu darb\u012bb\u0101, koncentr\u0113joties uz darba apst\u0101k\u013ciem un optimiz\u0113jot procesus un darb\u012bbas, lai l\u012bdz minimumam samazin\u0101tu ietekmi uz vidi;<\/p>\n\n\n\n<p>2.1.3. Atkritumu apsaimnieko\u0161ana, atbild\u012bga \u0161\u0137iro\u0161ana;<\/p>\n\n\n\n<p>2.1.4. Inform\u0101cijas izplat\u012b\u0161ana par vides pras\u012bb\u0101m un lab\u0101ko praksi Grupas uz\u0146\u0113mumos, komunik\u0101cija ar ilgtsp\u0113j\u012bgiem \u0101r\u0113jiem partneriem, kas iev\u0113ro ilgtsp\u0113j\u012bgas att\u012bst\u012bbas principus, un Grupas uz\u0146\u0113mumu ietekmes uz vidi uzraudz\u012bba.<\/p>\n\n\n\n<p>2.2. Grupas uz\u0146\u0113mumiem j\u0101vad\u0101s p\u0113c Ilgtsp\u0113j\u012bgas att\u012bst\u012bbas principiem un t\u0101d\u0113\u013c sav\u0101 darb\u012bb\u0101 j\u0101pielieto principi, kam ir visliel\u0101k\u0101 ietekme uz vidi:<\/p>\n\n\n\n<p>2.2.1. Grupas uz\u0146\u0113mumi ap\u0146emas iev\u0113rot visas vides pras\u012bbas un citus normat\u012bvos aktus, kas ir oblig\u0101ti Grupas uz\u0146\u0113mumu uz\u0146\u0113m\u0113jdarb\u012bbas \u012bsteno\u0161an\u0101 un kas ietekm\u0113 l\u0113mumus saist\u012bb\u0101 ar jebk\u0101du Grupas uz\u0146\u0113mumu darb\u012bbas ietekmi uz vidi;<\/p>\n\n\n\n<p>2.2.2. Grupas uz\u0146\u0113mumi ap\u0146emas nodro\u0161in\u0101t, ka vides jaut\u0101jumi Grupas uz\u0146\u0113mumos tiek risin\u0101ti saska\u0146\u0101 ar augst\u0101kajiem starptautiskajiem standartiem, izmantojot modernus r\u012bkus un efekt\u012bvus procesus;<\/p>\n\n\n\n<p>2.2.3. Grupas uz\u0146\u0113mumu m\u0113r\u0137is ir ieguld\u012bt atjaunojam\u0101s ener\u0123ijas att\u012bst\u012bb\u0101 un sav\u0101 darb\u012bb\u0101 izmantot p\u0113c iesp\u0113jas vair\u0101k za\u013c\u0101s ener\u0123ijas, t\u0101d\u0113j\u0101di mazinot ietekmi uz vidi;<\/p>\n\n\n\n<p>2.2.4. Grupas uz\u0146\u0113mumi tiecas izmantot tehnolo\u0123iskos risin\u0101jumus, lai optimiz\u0113tu darb\u012bbas procesus, kas tie\u0161i ietekm\u0113 Grupas uz\u0146\u0113mumu darb\u012bbas ietekmi uz vidi, samazinot energoresursu izmaksas Grupas uz\u0146\u0113mumu p\u0101rvald\u012btajos objektos un ievie\u0161ot pas\u0101kumus ietekmes uz vidi nov\u0113r\u0161anai: veicin\u0101t \u016bdens un citu resursu racion\u0101lu un ilgtsp\u0113j\u012bgu p\u0101rvald\u012bbu un izmanto\u0161anu, k\u0101 ar\u012b veicin\u0101t atbild\u012bgu un efekt\u012bvu ener\u0123ijas izmanto\u0161anu, iesaistoties Grupas uz\u0146\u0113mumu darb\u012bbas ietekmes mazin\u0101\u0161an\u0101 un iesaistot taj\u0101 Grupas uz\u0146\u0113mumu darbiniekus, klientus, pieg\u0101d\u0101t\u0101jus un darbuz\u0146\u0113m\u0113jus;<\/p>\n\n\n\n<p>2.2.5. Grupas uz\u0146\u0113mumi ap\u0146emas samazin\u0101t, \u0161\u0137irot un p\u0101rstr\u0101d\u0101t Grupas uz\u0146\u0113mumu rad\u012btos atkritumus;<\/p>\n\n\n\n<p>2.2.6. Grupas uz\u0146\u0113mumi ap\u0146emas past\u0101v\u012bgi uzraudz\u012bt, kontrol\u0113t un atkl\u0101ti inform\u0113t darbiniekus, klientus, investorus un citas ieinteres\u0113t\u0101s personas par saviem vides aizsardz\u012bbas m\u0113r\u0137iem, darb\u012bb\u0101m un rezult\u0101tiem.<\/p>\n\n\n\n<h3 class=\"wp-block-heading\">3. <strong>POLITIKAS \u012aSTENO\u0160ANA<\/strong><\/h3>\n\n\n\n<p>3.1. Lai \u012bstenotu iepriek\u0161 aprakst\u012btos vides aizsardz\u012bbas principus un vadl\u012bnijas, Grupas uz\u0146\u0113mumi \u012bsteno vai pl\u0101no \u012bstenot \u0161\u0101dus pas\u0101kumus:<\/p>\n\n\n\n<p>3.1.1. Grupas uz\u0146\u0113mumu darb\u012bbas ar klimatu saist\u012bto aspektu nov\u0113rt\u0113\u0161ana un samazin\u0101\u0161ana;<\/p>\n\n\n\n<p>3.1.2. Grupas uz\u0146\u0113mumu m\u0113r\u0137u noteik\u0161ana un uzdevumu formul\u0113\u0161ana saist\u012bb\u0101 ar za\u013c\u0101s ener\u0123ijas izmanto\u0161anas palielin\u0101\u0161anu, \u016bdens pat\u0113ri\u0146a samazin\u0101\u0161anu Grupas uz\u0146\u0113mumu objektos un transportl\u012bdzek\u013cu pat\u0113r\u0113t\u0101 degvielas daudzuma samazin\u0101\u0161anu, \u0146emot v\u0113r\u0101 iesp\u0113jas Grupas uz\u0146\u0113mumu darb\u012bb\u0101 izmantot maz\u0101k pies\u0101r\u0146ojo\u0161us transporta l\u012bdzek\u013cus;<\/p>\n\n\n\n<p>3.1.3. Alternat\u012bvu risin\u0101jumu mekl\u0113\u0161ana Grupas uz\u0146\u0113mumu organiz\u0101cij\u0101, lai samazin\u0101tu SEG emisijas Grupas uz\u0146\u0113mumu ikdienas darb\u0101 (komand\u0113jumu skaita samazin\u0101\u0161ana, aizst\u0101jot tos ar alternat\u012bv\u0101m, piem\u0113ram, att\u0101lin\u0101t\u0101m sapulc\u0113m tie\u0161saist\u0113, apmekl\u0113jumu optimiz\u0113\u0161ana u.c.);<\/p>\n\n\n\n<p>3.1.4. M\u0113r\u0137is ir sertific\u0113t Grupas uz\u0146\u0113mumu \u0113kas atbilsto\u0161i BREEAM standartam, izv\u0113loties videi draudz\u012bgas tehnolo\u0123ijas un materi\u0101lus;<\/p>\n\n\n\n<p>3.1.5. M\u0113r\u0137is ir nodro\u0161in\u0101t Grupas uz\u0146\u0113mumu vides aizsardz\u012bbas pan\u0101kumu nep\u0101rtrauktu uzlabo\u0161anu, un Grupas uz\u0146\u0113mumi tiek aicin\u0101ti ieviest ISO 14001 standartu;<\/p>\n\n\n\n<p>3.1.6. Nep\u0101rtraukta prevent\u012bv\u0101 darb\u012bba, piev\u0113r\u0161ot darbinieku, klientu, pieg\u0101d\u0101t\u0101ju un darbuz\u0146\u0113m\u0113ju uzman\u012bbu ilgtsp\u0113j\u012bgu risin\u0101jumu izmanto\u0161anai ar Grupas uz\u0146\u0113mumiem saist\u012btaj\u0101 darb\u0101;<\/p>\n\n\n\n<p>3.1.7. Grupas uz\u0146\u0113mumu iek\u0161\u0113j\u0101s rev\u012bzijas, rezult\u0101tu uzraudz\u012bba un anal\u012bze un koment\u0101ru un ieteikumu snieg\u0161ana par ilgtsp\u0113j\u012bbas un ietekmes uz vidi samazin\u0101\u0161anas jaut\u0101jumiem;<\/p>\n\n\n\n<p>3.1.8. Grupas uz\u0146\u0113mumu darbinieku kompetences att\u012bst\u012b\u0161ana un atbild\u012bga attieksme pret vides aizsardz\u012bbu.<\/p>\n\n\n\n<h2 class=\"wp-block-heading\">4. <strong>NOBEIGUMA NOTEIKUMI<\/strong><\/h2>\n\n\n\n<p>Politiku apstiprina un groza ar Uz\u0146\u0113muma \u0123ener\u0101ldirektora l\u0113mumu.<\/p>\n","protected":false},"excerpt":{"rendered":"<p>1. POLITIKAS M\u0112R\u0136IS UN PIEM\u0112RO\u0160ANAS JOMA 1.1. Vides politika (turpm\u0101k tekst\u0101 \u2013 Politika) nosaka principus, kas j\u0101iev\u0113ro UAB ME HOLDING NT (turpm\u0101k tekst\u0101 \u2013 Uz\u0146\u0113mums) Grupas uz\u0146\u0113mumiem, lai saudz\u0113tu vidi un saglab\u0101tu t\u0101s resursus, k\u0101 ar\u012b lai l\u012bdz minimumam samazin\u0101tu Grupas uz\u0146\u0113mumu ietekmi uz klimata p\u0101rmai\u0146\u0101m. 1.2. Politikas m\u0113r\u0137is ir defin\u0113t Grupas uz\u0146\u0113mumu visp\u0101r\u0113jos vides [&hellip;]<\/p>\n","protected":false},"author":1,"featured_media":0,"parent":0,"menu_order":0,"comment_status":"closed","ping_status":"closed","template":"template-privacy.blade.php","meta":{"_acf_changed":false,"inline_featured_image":false,"footnotes":""},"class_list":["post-2312","page","type-page","status-publish","hentry"],"acf":[],"yoast_head":"<!-- This site is optimized with the Yoast SEO plugin v26.6 - https:\/\/yoast.com\/wordpress\/plugins\/seo\/ -->\n<title>Vides politika un ilgtsp\u0113ja | Sirin Development<\/title>\n<meta name=\"description\" content=\"Sirin Development nodro\u0161ina vides aizsardz\u012bbas pras\u012bbu iev\u0113ro\u0161anu. Politika veicina tvariu industri\u0101l\u0101 NT att\u012bst\u012bbu un ener\u0123ijas taup\u012b\u0161anu.\" \/>\n<meta name=\"robots\" content=\"index, follow, max-snippet:-1, max-image-preview:large, max-video-preview:-1\" \/>\n<link rel=\"canonical\" href=\"https:\/\/www.sirin.eu\/lv\/vides-politika\/\" \/>\n<meta property=\"og:locale\" content=\"lv_LV\" \/>\n<meta property=\"og:type\" content=\"article\" \/>\n<meta property=\"og:title\" content=\"Vides politika un ilgtsp\u0113ja | Sirin Development\" \/>\n<meta property=\"og:description\" content=\"Sirin Development nodro\u0161ina vides aizsardz\u012bbas pras\u012bbu iev\u0113ro\u0161anu. Politika veicina tvariu industri\u0101l\u0101 NT att\u012bst\u012bbu un ener\u0123ijas taup\u012b\u0161anu.\" \/>\n<meta property=\"og:url\" content=\"https:\/\/www.sirin.eu\/lv\/vides-politika\/\" \/>\n<meta property=\"og:site_name\" content=\"Sirin\" \/>\n<meta property=\"article:modified_time\" content=\"2026-03-31T08:17:04+00:00\" \/>\n<meta property=\"og:image\" content=\"https:\/\/www.sirin.eu\/app\/uploads\/2023\/12\/J55-scaled.jpg\" \/>\n\t<meta property=\"og:image:width\" content=\"2560\" \/>\n\t<meta property=\"og:image:height\" content=\"1466\" \/>\n\t<meta property=\"og:image:type\" content=\"image\/jpeg\" \/>\n<meta name=\"twitter:card\" content=\"summary_large_image\" \/>\n<meta name=\"twitter:label1\" content=\"Est. reading time\" \/>\n\t<meta name=\"twitter:data1\" content=\"4 minutes\" \/>\n<script type=\"application\/ld+json\" class=\"yoast-schema-graph\">{\"@context\":\"https:\/\/schema.org\",\"@graph\":[{\"@type\":\"WebPage\",\"@id\":\"https:\/\/www.sirin.eu\/lv\/vides-politika\/\",\"url\":\"https:\/\/www.sirin.eu\/lv\/vides-politika\/\",\"name\":\"Vides politika un ilgtsp\u0113ja | Sirin Development\",\"isPartOf\":{\"@id\":\"https:\/\/www.sirin.eu\/lv\/#website\"},\"datePublished\":\"2025-03-07T11:58:57+00:00\",\"dateModified\":\"2026-03-31T08:17:04+00:00\",\"description\":\"Sirin Development nodro\u0161ina vides aizsardz\u012bbas pras\u012bbu iev\u0113ro\u0161anu. Politika veicina tvariu industri\u0101l\u0101 NT att\u012bst\u012bbu un ener\u0123ijas taup\u012b\u0161anu.\",\"breadcrumb\":{\"@id\":\"https:\/\/www.sirin.eu\/lv\/vides-politika\/#breadcrumb\"},\"inLanguage\":\"lv-LV\",\"potentialAction\":[{\"@type\":\"ReadAction\",\"target\":[\"https:\/\/www.sirin.eu\/lv\/vides-politika\/\"]}]},{\"@type\":\"BreadcrumbList\",\"@id\":\"https:\/\/www.sirin.eu\/lv\/vides-politika\/#breadcrumb\",\"itemListElement\":[{\"@type\":\"ListItem\",\"position\":1,\"name\":\"Home\",\"item\":\"https:\/\/www.sirin.eu\/lv\/\"},{\"@type\":\"ListItem\",\"position\":2,\"name\":\"VIDES POLITIKA\"}]},{\"@type\":\"WebSite\",\"@id\":\"https:\/\/www.sirin.eu\/lv\/#website\",\"url\":\"https:\/\/www.sirin.eu\/lv\/\",\"name\":\"Sirin\",\"description\":\"\",\"potentialAction\":[{\"@type\":\"SearchAction\",\"target\":{\"@type\":\"EntryPoint\",\"urlTemplate\":\"https:\/\/www.sirin.eu\/lv\/?s={search_term_string}\"},\"query-input\":{\"@type\":\"PropertyValueSpecification\",\"valueRequired\":true,\"valueName\":\"search_term_string\"}}],\"inLanguage\":\"lv-LV\"}]}<\/script>\n<!-- \/ Yoast SEO plugin. -->","yoast_head_json":{"title":"Vides politika un ilgtsp\u0113ja | Sirin Development","description":"Sirin Development nodro\u0161ina vides aizsardz\u012bbas pras\u012bbu iev\u0113ro\u0161anu. Politika veicina tvariu industri\u0101l\u0101 NT att\u012bst\u012bbu un ener\u0123ijas taup\u012b\u0161anu.","robots":{"index":"index","follow":"follow","max-snippet":"max-snippet:-1","max-image-preview":"max-image-preview:large","max-video-preview":"max-video-preview:-1"},"canonical":"https:\/\/www.sirin.eu\/lv\/vides-politika\/","og_locale":"lv_LV","og_type":"article","og_title":"Vides politika un ilgtsp\u0113ja | Sirin Development","og_description":"Sirin Development nodro\u0161ina vides aizsardz\u012bbas pras\u012bbu iev\u0113ro\u0161anu. Politika veicina tvariu industri\u0101l\u0101 NT att\u012bst\u012bbu un ener\u0123ijas taup\u012b\u0161anu.","og_url":"https:\/\/www.sirin.eu\/lv\/vides-politika\/","og_site_name":"Sirin","article_modified_time":"2026-03-31T08:17:04+00:00","og_image":[{"width":2560,"height":1466,"url":"https:\/\/www.sirin.eu\/app\/uploads\/2023\/12\/J55-scaled.jpg","type":"image\/jpeg"}],"twitter_card":"summary_large_image","twitter_misc":{"Est. reading time":"4 minutes"},"schema":{"@context":"https:\/\/schema.org","@graph":[{"@type":"WebPage","@id":"https:\/\/www.sirin.eu\/lv\/vides-politika\/","url":"https:\/\/www.sirin.eu\/lv\/vides-politika\/","name":"Vides politika un ilgtsp\u0113ja | Sirin Development","isPartOf":{"@id":"https:\/\/www.sirin.eu\/lv\/#website"},"datePublished":"2025-03-07T11:58:57+00:00","dateModified":"2026-03-31T08:17:04+00:00","description":"Sirin Development nodro\u0161ina vides aizsardz\u012bbas pras\u012bbu iev\u0113ro\u0161anu. Politika veicina tvariu industri\u0101l\u0101 NT att\u012bst\u012bbu un ener\u0123ijas taup\u012b\u0161anu.","breadcrumb":{"@id":"https:\/\/www.sirin.eu\/lv\/vides-politika\/#breadcrumb"},"inLanguage":"lv-LV","potentialAction":[{"@type":"ReadAction","target":["https:\/\/www.sirin.eu\/lv\/vides-politika\/"]}]},{"@type":"BreadcrumbList","@id":"https:\/\/www.sirin.eu\/lv\/vides-politika\/#breadcrumb","itemListElement":[{"@type":"ListItem","position":1,"name":"Home","item":"https:\/\/www.sirin.eu\/lv\/"},{"@type":"ListItem","position":2,"name":"VIDES POLITIKA"}]},{"@type":"WebSite","@id":"https:\/\/www.sirin.eu\/lv\/#website","url":"https:\/\/www.sirin.eu\/lv\/","name":"Sirin","description":"","potentialAction":[{"@type":"SearchAction","target":{"@type":"EntryPoint","urlTemplate":"https:\/\/www.sirin.eu\/lv\/?s={search_term_string}"},"query-input":{"@type":"PropertyValueSpecification","valueRequired":true,"valueName":"search_term_string"}}],"inLanguage":"lv-LV"}]}},"_links":{"self":[{"href":"https:\/\/www.sirin.eu\/lv\/wp-json\/wp\/v2\/pages\/2312","targetHints":{"allow":["GET"]}}],"collection":[{"href":"https:\/\/www.sirin.eu\/lv\/wp-json\/wp\/v2\/pages"}],"about":[{"href":"https:\/\/www.sirin.eu\/lv\/wp-json\/wp\/v2\/types\/page"}],"author":[{"embeddable":true,"href":"https:\/\/www.sirin.eu\/lv\/wp-json\/wp\/v2\/users\/1"}],"replies":[{"embeddable":true,"href":"https:\/\/www.sirin.eu\/lv\/wp-json\/wp\/v2\/comments?post=2312"}],"version-history":[{"count":2,"href":"https:\/\/www.sirin.eu\/lv\/wp-json\/wp\/v2\/pages\/2312\/revisions"}],"predecessor-version":[{"id":4347,"href":"https:\/\/www.sirin.eu\/lv\/wp-json\/wp\/v2\/pages\/2312\/revisions\/4347"}],"wp:attachment":[{"href":"https:\/\/www.sirin.eu\/lv\/wp-json\/wp\/v2\/media?parent=2312"}],"curies":[{"name":"wp","href":"https:\/\/api.w.org\/{rel}","templated":true}]}}